{"id":12,"date":"2020-11-25T17:46:14","date_gmt":"2020-11-25T16:46:14","guid":{"rendered":"http:\/\/rck.tehnicka-skola-karlovac.hr\/struka-i-ti\/?page_id=12"},"modified":"2023-01-26T13:40:35","modified_gmt":"2023-01-26T12:40:35","slug":"o-projektu","status":"publish","type":"page","link":"https:\/\/rck.tehnicka-skola-karlovac.hr\/struka-i-ti\/o-projektu\/","title":{"rendered":"O projektu"},"content":{"rendered":"<p>[et_pb_section fb_built=&#8221;1&#8243; custom_padding_last_edited=&#8221;on|desktop&#8221; next_background_color=&#8221;#ffffff&#8221; admin_label=&#8221;Header&#8221; _builder_version=&#8221;4.16&#8243; use_background_color_gradient=&#8221;on&#8221; background_color_gradient_direction=&#8221;130deg&#8221; background_color_gradient_stops=&#8221;#FB570D 0%|#265BD9 100%&#8221; background_color_gradient_start=&#8221;#FB570D&#8221; background_color_gradient_end=&#8221;#265BD9&#8243; background_image=&#8221;https:\/\/rck.tehnicka-skola-karlovac.hr\/struka-i-ti\/wp-content\/uploads\/2020\/11\/struka-i-ti-header.png&#8221; parallax=&#8221;on&#8221; parallax_method=&#8221;off&#8221; custom_padding=&#8221;4vw||9vw||false|false&#8221; custom_padding_tablet=&#8221;100px||100px||true&#8221; custom_padding_phone=&#8221;||||true&#8221; bottom_divider_style=&#8221;mountains2&#8243; bottom_divider_height=&#8221;156px&#8221; bottom_divider_flip=&#8221;horizontal&#8221; bottom_divider_height_tablet=&#8221;150px&#8221; bottom_divider_height_phone=&#8221;110px&#8221; bottom_divider_height_last_edited=&#8221;on|phone&#8221; saved_tabs=&#8221;all&#8221; global_colors_info=&#8221;{}&#8221;][et_pb_row _builder_version=&#8221;4.16&#8243; custom_padding=&#8221;31px|||||&#8221; global_colors_info=&#8221;{}&#8221;][et_pb_column type=&#8221;4_4&#8243; _builder_version=&#8221;4.16&#8243; custom_padding=&#8221;|||&#8221; global_colors_info=&#8221;{}&#8221; custom_padding__hover=&#8221;|||&#8221;][et_pb_text _builder_version=&#8221;4.16&#8243; text_font=&#8221;Roboto||||||||&#8221; text_font_size=&#8221;16px&#8221; text_line_height=&#8221;1.8em&#8221; header_font=&#8221;Spartan|700|||||||&#8221; header_text_align=&#8221;center&#8221; header_font_size=&#8221;80px&#8221; header_line_height=&#8221;1.2em&#8221; header_3_font=&#8221;Roboto|700||on|||||&#8221; header_3_text_align=&#8221;center&#8221; header_3_text_color=&#8221;#ffffff&#8221; header_3_font_size=&#8221;24px&#8221; header_3_letter_spacing=&#8221;10px&#8221; header_3_line_height=&#8221;2em&#8221; text_orientation=&#8221;center&#8221; background_layout=&#8221;dark&#8221; module_alignment=&#8221;center&#8221; text_font_size_last_edited=&#8221;off|desktop&#8221; header_font_size_tablet=&#8221;40px&#8221; header_font_size_phone=&#8221;32px&#8221; header_font_size_last_edited=&#8221;on|phone&#8221; header_3_font_size_tablet=&#8221;16px&#8221; header_3_font_size_phone=&#8221;14px&#8221; header_3_font_size_last_edited=&#8221;on|phone&#8221; header_3_letter_spacing_tablet=&#8221;5px&#8221; header_3_letter_spacing_phone=&#8221;&#8221; header_3_letter_spacing_last_edited=&#8221;on|tablet&#8221; global_colors_info=&#8221;{}&#8221;]<\/p>\n<h1>O projektu<\/h1>\n<p>[\/et_pb_text][\/et_pb_column][\/et_pb_row][\/et_pb_section][et_pb_section fb_built=&#8221;1&#8243; _builder_version=&#8221;4.16&#8243; _module_preset=&#8221;default&#8221; background_image=&#8221;https:\/\/rck.tehnicka-skola-karlovac.hr\/struka-i-ti\/wp-content\/uploads\/2020\/11\/pozadina.png&#8221; custom_padding=&#8221;3px||3px|||&#8221; global_colors_info=&#8221;{}&#8221;][et_pb_row column_structure=&#8221;2_3,1_3&#8243; _builder_version=&#8221;4.16&#8243; _module_preset=&#8221;default&#8221; custom_padding=&#8221;||0px|||&#8221; global_colors_info=&#8221;{}&#8221;][et_pb_column type=&#8221;2_3&#8243; _builder_version=&#8221;4.16&#8243; _module_preset=&#8221;default&#8221; global_colors_info=&#8221;{}&#8221;][et_pb_text _builder_version=&#8221;4.16&#8243; _module_preset=&#8221;default&#8221; text_font_size=&#8221;15px&#8221; header_2_font=&#8221;|700||on|||||&#8221; header_2_line_height=&#8221;1.6em&#8221; global_colors_info=&#8221;{}&#8221;]<\/p>\n<h2>opis projekta<\/h2>\n<p>Projekt \u201eSTRuKA i TI\u201c odnosi se na rje\u0161avanje problema sustava strukovnog obrazovanja u vidu zastarjelosti standarda zanimanja i kvalifikacija, kurikuluma, programa osposobljavanja i usavr\u0161avanja odraslih i osoba s invaliditetom u podsektoru strojarstva. Regionalni centar kompetentnosti u podsektoru strojarstva bit \u0107e smje\u0161ten na 1. katu zgrade Oru\u017earne u samom centru grada Karlovca.<br \/> Provedba ovog projekta omogu\u0107it \u0107e razvijanje kvalitetnih kadrova koji \u0107e kroz \u0161kolovanje ovladati svim vje\u0161tinama i kompetencijama koje su tra\u017eene od strane realnog sektora. Broj u\u010denika uskladit \u0107e se s potrebama tr\u017ei\u0161ta rada te \u0107e se nakon zavr\u0161etka \u0161kolovanja mo\u0107i uspje\u0161no uklju\u010diti na regionalno tr\u017ei\u0161te rada.<\/p>\n<p>[\/et_pb_text][et_pb_text _builder_version=&#8221;4.16&#8243; _module_preset=&#8221;default&#8221; text_font_size=&#8221;15px&#8221; header_2_font=&#8221;|700||on|||||&#8221; header_2_line_height=&#8221;1.6em&#8221; global_colors_info=&#8221;{}&#8221;]<\/p>\n<h2>Cilj projekta<\/h2>\n<p><span>Cilj projekta\u00a0<\/span><span>\u201e<\/span><span>STRuKA i TI<\/span><span>\u201c\u00a0<\/span><span>je uspostaviti programske i kadrovske uvjete koji \u0107e unaprijediti u\u010denje temeljeno na radu za u\u010denike i odrasle polaznike strukovnog obrazovanja u podsektoru strojarstva Regionalnog centra kompetentnosti Tehni\u010dke \u0161kole Karlovac, u svrhu pove\u0107anja zapo\u0161ljivosti i mogu\u0107nosti za daljnje obrazovanje. <\/span>Provedba ovog projekta omogu\u0107it \u0107e razvijanje kvalitetnih kadrova koji \u0107e kroz \u0161kolovanje ovladati svim vje\u0161tinama i kompetencijama koje su tra\u017eene od strane realnog sektora. Broj u\u010denika uskladit \u0107e se s potrebama tr\u017ei\u0161ta rada te \u0107e se nakon zavr\u0161etka \u0161kolovanja mo\u0107i uspje\u0161no uklju\u010diti na regionalno tr\u017ei\u0161te rada.<\/p>\n<p>[\/et_pb_text][et_pb_text ol_item_indent=&#8221;12px&#8221; _builder_version=&#8221;4.16&#8243; _module_preset=&#8221;default&#8221; text_font_size=&#8221;15px&#8221; ol_font=&#8221;||||||||&#8221; header_2_font=&#8221;|700||on|||||&#8221; header_2_line_height=&#8221;1.6em&#8221; global_colors_info=&#8221;{}&#8221;]<\/p>\n<h2>Aktivnosti projekta<\/h2>\n<ol>\n<li>Uspostava organizacije rada i razvoja RCK<\/li>\n<li>Razvoj i unapre\u0111enje te provedba redovitoga strukovnog obrazovanja<\/li>\n<li>Ja\u010danje kompetencija odgojno-obrazovnih radnika i mentora za provedbu redovitoga strukovnog obrazovanja<\/li>\n<li>Promocija strukovnih zanimanja i rada Centra<\/li>\n<li>Promid\u017eba i vidljivost<\/li>\n<li>Upravljanje projektom<\/li>\n<\/ol>\n<p>[\/et_pb_text][et_pb_text ul_item_indent=&#8221;33px&#8221; ol_item_indent=&#8221;12px&#8221; _builder_version=&#8221;4.16&#8243; _module_preset=&#8221;default&#8221; text_font_size=&#8221;15px&#8221; ol_font=&#8221;||||||||&#8221; header_2_font=&#8221;|700||on|||||&#8221; header_2_line_height=&#8221;1.6em&#8221; global_colors_info=&#8221;{}&#8221;]<\/p>\n<h2>Ciljne skupine<\/h2>\n<ul>\n<li>Odgojno-obrazovni radnici (ravnatelji, nastavnici, stru\u010dni suradnici i administrativno osoblje),<\/li>\n<li>U\u010denici upisani u ustanove strukovnog obrazovanja,<\/li>\n<li>Odrasli polaznici.<\/li>\n<\/ul>\n<p>[\/et_pb_text][\/et_pb_column][et_pb_column type=&#8221;1_3&#8243; _builder_version=&#8221;4.16&#8243; _module_preset=&#8221;default&#8221; global_colors_info=&#8221;{}&#8221;][et_pb_image src=&#8221;https:\/\/rck.tehnicka-skola-karlovac.hr\/struka-i-ti\/wp-content\/uploads\/2020\/11\/Picture5.jpg&#8221; alt=&#8221;RCK Karlovac&#8221; title_text=&#8221;Picture5&#8243; _builder_version=&#8221;4.16&#8243; _module_preset=&#8221;default&#8221; global_colors_info=&#8221;{}&#8221;][\/et_pb_image][et_pb_image src=&#8221;https:\/\/rck.tehnicka-skola-karlovac.hr\/struka-i-ti\/wp-content\/uploads\/2020\/11\/Picture4.jpg&#8221; alt=&#8221;RCK Karlovac&#8221; title_text=&#8221;Picture4&#8243; _builder_version=&#8221;4.16&#8243; _module_preset=&#8221;default&#8221; global_colors_info=&#8221;{}&#8221;][\/et_pb_image][et_pb_image src=&#8221;https:\/\/rck.tehnicka-skola-karlovac.hr\/struka-i-ti\/wp-content\/uploads\/2020\/11\/Picture3.jpg&#8221; alt=&#8221;RCK Karlovac&#8221; title_text=&#8221;Picture3&#8243; _builder_version=&#8221;4.16&#8243; _module_preset=&#8221;default&#8221; global_colors_info=&#8221;{}&#8221;][\/et_pb_image][et_pb_image src=&#8221;https:\/\/rck.tehnicka-skola-karlovac.hr\/struka-i-ti\/wp-content\/uploads\/2020\/11\/Picture2.jpg&#8221; alt=&#8221;RCK Karlovac&#8221; title_text=&#8221;Picture2&#8243; _builder_version=&#8221;4.16&#8243; _module_preset=&#8221;default&#8221; global_colors_info=&#8221;{}&#8221;][\/et_pb_image][\/et_pb_column][\/et_pb_row][\/et_pb_section][et_pb_section fb_built=&#8221;1&#8243; _builder_version=&#8221;4.16&#8243; _module_preset=&#8221;default&#8221; background_image=&#8221;https:\/\/rck.tehnicka-skola-karlovac.hr\/struka-i-ti\/wp-content\/uploads\/2020\/11\/pozadina.png&#8221; custom_padding=&#8221;11px|||||&#8221; global_colors_info=&#8221;{}&#8221;][et_pb_row column_structure=&#8221;2_3,1_3&#8243; _builder_version=&#8221;4.16&#8243; _module_preset=&#8221;default&#8221; global_colors_info=&#8221;{}&#8221;][et_pb_column type=&#8221;2_3&#8243; _builder_version=&#8221;4.16&#8243; _module_preset=&#8221;default&#8221; global_colors_info=&#8221;{}&#8221;][et_pb_text ul_item_indent=&#8221;33px&#8221; ol_item_indent=&#8221;12px&#8221; _builder_version=&#8221;4.16&#8243; _module_preset=&#8221;default&#8221; text_font_size=&#8221;15px&#8221; ol_font=&#8221;||||||||&#8221; header_2_font=&#8221;|700||on|||||&#8221; header_2_line_height=&#8221;1.6em&#8221; global_colors_info=&#8221;{}&#8221;]<\/p>\n<h2><span style=\"font-size: 24px;\"><b>Rezultat projekta<\/b><\/span><\/h2>\n<p>Projekt \u0107e rezultirati razvojem i modernizacijom strukovnog obrazovanja, pove\u0107anjem kvalitete u\u010denja temeljenog na radu \u0161to \u0107e potaknuti ve\u0107i interes u\u010denika za strukovna zanimanja i omogu\u0107iti stjecanje kompetencija u\u010denika za lak\u0161e uklju\u010divanje na tr\u017ei\u0161te rada kao i nastavak obrazovanja.<\/p>\n<p>&nbsp;<\/p>\n<table style=\"border-color: #e6e6e6;\" border=\"1px\">\n<tbody>\n<tr>\n<td>Naziv projekta<\/td>\n<td>STRuKA i TI<\/td>\n<\/tr>\n<tr>\n<td>\u0160ifra projekta<\/td>\n<td>UP.03.3.1.04.0008\u00a0<\/td>\n<\/tr>\n<tr>\n<td>Ime korisnika<\/td>\n<td>Tehni\u010dka \u0161kola Karlovac<\/td>\n<\/tr>\n<tr>\n<td>Ukupna vrijednost<\/td>\n<td>27.623.493,09 HRK<\/td>\n<\/tr>\n<tr>\n<td>Iznos EU potpore<\/td>\n<td>27.623.493,09 HRK<\/td>\n<\/tr>\n<tr>\n<td>Operativni program<\/td>\n<td>U\u010dinkoviti ljudski potencijali 2014.-2020.<\/td>\n<\/tr>\n<tr>\n<td>Razdoblje provedbe projekta<\/td>\n<td>26.2.2020.-27.12.2023.<\/td>\n<\/tr>\n<\/tbody>\n<\/table>\n<p>[\/et_pb_text][et_pb_text ul_item_indent=&#8221;33px&#8221; ol_item_indent=&#8221;12px&#8221; _builder_version=&#8221;4.19.4&#8243; _module_preset=&#8221;default&#8221; text_font_size=&#8221;15px&#8221; ol_font=&#8221;||||||||&#8221; header_2_font=&#8221;|700||on|||||&#8221; header_2_line_height=&#8221;1.6em&#8221; hover_enabled=&#8221;0&#8243; global_colors_info=&#8221;{}&#8221; admin_label=&#8221;Text&#8221; sticky_enabled=&#8221;0&#8243;]<\/p>\n<h2>Voditelj projekta<\/h2>\n<p>Sanjin Brajkovi\u0107<br \/>Mob: +385 95 524 8282<br \/>E-mail:\u00a0<a href=\"mailto:sanjin.brajkovic@uciliste-praxis.hr\">sanjin.brajkovic@uciliste-praxis.hr<\/a><\/p>\n<p>[\/et_pb_text][\/et_pb_column][et_pb_column type=&#8221;1_3&#8243; _builder_version=&#8221;4.16&#8243; _module_preset=&#8221;default&#8221; global_colors_info=&#8221;{}&#8221;][et_pb_image src=&#8221;https:\/\/rck.tehnicka-skola-karlovac.hr\/struka-i-ti\/wp-content\/uploads\/2020\/11\/03_Zracna-3.jpg&#8221; alt=&#8221;RCK Karlovac&#8221; title_text=&#8221;03_Zracna-3&#8243; _builder_version=&#8221;4.16&#8243; _module_preset=&#8221;default&#8221; global_colors_info=&#8221;{}&#8221;][\/et_pb_image][et_pb_image src=&#8221;https:\/\/rck.tehnicka-skola-karlovac.hr\/struka-i-ti\/wp-content\/uploads\/2020\/11\/01_Zracna-1.jpg&#8221; alt=&#8221;RCK Karlovac&#8221; title_text=&#8221;01_Zracna-1&#8243; _builder_version=&#8221;4.16&#8243; _module_preset=&#8221;default&#8221; global_colors_info=&#8221;{}&#8221;][\/et_pb_image][\/et_pb_column][\/et_pb_row][\/et_pb_section]<\/p>\n","protected":false},"excerpt":{"rendered":"<p>O projektuopis projekta Projekt \u201eSTRuKA i TI\u201c odnosi se na rje\u0161avanje problema sustava strukovnog obrazovanja u vidu zastarjelosti standarda zanimanja i kvalifikacija, kurikuluma, programa osposobljavanja i usavr\u0161avanja odraslih i osoba s invaliditetom u podsektoru strojarstva. Regionalni centar kompetentnosti u podsektoru strojarstva bit \u0107e smje\u0161ten na 1. katu zgrade Oru\u017earne u samom centru grada Karlovca. Provedba [&hellip;]<\/p>\n","protected":false},"author":1,"featured_media":0,"parent":0,"menu_order":0,"comment_status":"closed","ping_status":"closed","template":"","meta":{"_et_pb_use_builder":"on","_et_pb_old_content":"","_et_gb_content_width":"","footnotes":""},"class_list":["post-12","page","type-page","status-publish","hentry"],"yoast_head":"<!-- This site is optimized with the Yoast SEO plugin v27.3 - https:\/\/yoast.com\/product\/yoast-seo-wordpress\/ -->\n<title>O projektu - STRuKA i TI<\/title>\n<meta name=\"robots\" content=\"index, follow, max-snippet:-1, max-image-preview:large, max-video-preview:-1\" \/>\n<link rel=\"canonical\" href=\"https:\/\/rck.tehnicka-skola-karlovac.hr\/struka-i-ti\/o-projektu\/\" \/>\n<meta property=\"og:locale\" content=\"hr_HR\" \/>\n<meta property=\"og:type\" content=\"article\" \/>\n<meta property=\"og:title\" content=\"O projektu - STRuKA i TI\" \/>\n<meta property=\"og:description\" content=\"O projektuopis projekta Projekt \u201eSTRuKA i TI\u201c odnosi se na rje\u0161avanje problema sustava strukovnog obrazovanja u vidu zastarjelosti standarda zanimanja i kvalifikacija, kurikuluma, programa osposobljavanja i usavr\u0161avanja odraslih i osoba s invaliditetom u podsektoru strojarstva. Regionalni centar kompetentnosti u podsektoru strojarstva bit \u0107e smje\u0161ten na 1. katu zgrade Oru\u017earne u samom centru grada Karlovca. Provedba [&hellip;]\" \/>\n<meta property=\"og:url\" content=\"https:\/\/rck.tehnicka-skola-karlovac.hr\/struka-i-ti\/o-projektu\/\" \/>\n<meta property=\"og:site_name\" content=\"STRuKA i TI\" \/>\n<meta property=\"article:modified_time\" content=\"2023-01-26T12:40:35+00:00\" \/>\n<meta name=\"twitter:card\" content=\"summary_large_image\" \/>\n<meta name=\"twitter:label1\" content=\"Procijenjeno vrijeme \u010ditanja\" \/>\n\t<meta name=\"twitter:data1\" content=\"3 minute\" \/>\n<script type=\"application\/ld+json\" class=\"yoast-schema-graph\">{\"@context\":\"https:\\\/\\\/schema.org\",\"@graph\":[{\"@type\":\"WebPage\",\"@id\":\"https:\\\/\\\/rck.tehnicka-skola-karlovac.hr\\\/struka-i-ti\\\/o-projektu\\\/\",\"url\":\"https:\\\/\\\/rck.tehnicka-skola-karlovac.hr\\\/struka-i-ti\\\/o-projektu\\\/\",\"name\":\"O projektu - STRuKA i TI\",\"isPartOf\":{\"@id\":\"https:\\\/\\\/rck.tehnicka-skola-karlovac.hr\\\/struka-i-ti\\\/#website\"},\"datePublished\":\"2020-11-25T16:46:14+00:00\",\"dateModified\":\"2023-01-26T12:40:35+00:00\",\"breadcrumb\":{\"@id\":\"https:\\\/\\\/rck.tehnicka-skola-karlovac.hr\\\/struka-i-ti\\\/o-projektu\\\/#breadcrumb\"},\"inLanguage\":\"hr\",\"potentialAction\":[{\"@type\":\"ReadAction\",\"target\":[\"https:\\\/\\\/rck.tehnicka-skola-karlovac.hr\\\/struka-i-ti\\\/o-projektu\\\/\"]}]},{\"@type\":\"BreadcrumbList\",\"@id\":\"https:\\\/\\\/rck.tehnicka-skola-karlovac.hr\\\/struka-i-ti\\\/o-projektu\\\/#breadcrumb\",\"itemListElement\":[{\"@type\":\"ListItem\",\"position\":1,\"name\":\"Po\u010detna stranica\",\"item\":\"https:\\\/\\\/rck.tehnicka-skola-karlovac.hr\\\/struka-i-ti\\\/\"},{\"@type\":\"ListItem\",\"position\":2,\"name\":\"O projektu\"}]},{\"@type\":\"WebSite\",\"@id\":\"https:\\\/\\\/rck.tehnicka-skola-karlovac.hr\\\/struka-i-ti\\\/#website\",\"url\":\"https:\\\/\\\/rck.tehnicka-skola-karlovac.hr\\\/struka-i-ti\\\/\",\"name\":\"STRuKA i TI\",\"description\":\"Tehni\u010dka \u0161kola Karlovac\",\"potentialAction\":[{\"@type\":\"SearchAction\",\"target\":{\"@type\":\"EntryPoint\",\"urlTemplate\":\"https:\\\/\\\/rck.tehnicka-skola-karlovac.hr\\\/struka-i-ti\\\/?s={search_term_string}\"},\"query-input\":{\"@type\":\"PropertyValueSpecification\",\"valueRequired\":true,\"valueName\":\"search_term_string\"}}],\"inLanguage\":\"hr\"}]}<\/script>\n<!-- \/ Yoast SEO plugin. -->","yoast_head_json":{"title":"O projektu - STRuKA i TI","robots":{"index":"index","follow":"follow","max-snippet":"max-snippet:-1","max-image-preview":"max-image-preview:large","max-video-preview":"max-video-preview:-1"},"canonical":"https:\/\/rck.tehnicka-skola-karlovac.hr\/struka-i-ti\/o-projektu\/","og_locale":"hr_HR","og_type":"article","og_title":"O projektu - STRuKA i TI","og_description":"O projektuopis projekta Projekt \u201eSTRuKA i TI\u201c odnosi se na rje\u0161avanje problema sustava strukovnog obrazovanja u vidu zastarjelosti standarda zanimanja i kvalifikacija, kurikuluma, programa osposobljavanja i usavr\u0161avanja odraslih i osoba s invaliditetom u podsektoru strojarstva. Regionalni centar kompetentnosti u podsektoru strojarstva bit \u0107e smje\u0161ten na 1. katu zgrade Oru\u017earne u samom centru grada Karlovca. Provedba [&hellip;]","og_url":"https:\/\/rck.tehnicka-skola-karlovac.hr\/struka-i-ti\/o-projektu\/","og_site_name":"STRuKA i TI","article_modified_time":"2023-01-26T12:40:35+00:00","twitter_card":"summary_large_image","twitter_misc":{"Procijenjeno vrijeme \u010ditanja":"3 minute"},"schema":{"@context":"https:\/\/schema.org","@graph":[{"@type":"WebPage","@id":"https:\/\/rck.tehnicka-skola-karlovac.hr\/struka-i-ti\/o-projektu\/","url":"https:\/\/rck.tehnicka-skola-karlovac.hr\/struka-i-ti\/o-projektu\/","name":"O projektu - STRuKA i TI","isPartOf":{"@id":"https:\/\/rck.tehnicka-skola-karlovac.hr\/struka-i-ti\/#website"},"datePublished":"2020-11-25T16:46:14+00:00","dateModified":"2023-01-26T12:40:35+00:00","breadcrumb":{"@id":"https:\/\/rck.tehnicka-skola-karlovac.hr\/struka-i-ti\/o-projektu\/#breadcrumb"},"inLanguage":"hr","potentialAction":[{"@type":"ReadAction","target":["https:\/\/rck.tehnicka-skola-karlovac.hr\/struka-i-ti\/o-projektu\/"]}]},{"@type":"BreadcrumbList","@id":"https:\/\/rck.tehnicka-skola-karlovac.hr\/struka-i-ti\/o-projektu\/#breadcrumb","itemListElement":[{"@type":"ListItem","position":1,"name":"Po\u010detna stranica","item":"https:\/\/rck.tehnicka-skola-karlovac.hr\/struka-i-ti\/"},{"@type":"ListItem","position":2,"name":"O projektu"}]},{"@type":"WebSite","@id":"https:\/\/rck.tehnicka-skola-karlovac.hr\/struka-i-ti\/#website","url":"https:\/\/rck.tehnicka-skola-karlovac.hr\/struka-i-ti\/","name":"STRuKA i TI","description":"Tehni\u010dka \u0161kola Karlovac","potentialAction":[{"@type":"SearchAction","target":{"@type":"EntryPoint","urlTemplate":"https:\/\/rck.tehnicka-skola-karlovac.hr\/struka-i-ti\/?s={search_term_string}"},"query-input":{"@type":"PropertyValueSpecification","valueRequired":true,"valueName":"search_term_string"}}],"inLanguage":"hr"}]}},"_links":{"self":[{"href":"https:\/\/rck.tehnicka-skola-karlovac.hr\/struka-i-ti\/wp-json\/wp\/v2\/pages\/12","targetHints":{"allow":["GET"]}}],"collection":[{"href":"https:\/\/rck.tehnicka-skola-karlovac.hr\/struka-i-ti\/wp-json\/wp\/v2\/pages"}],"about":[{"href":"https:\/\/rck.tehnicka-skola-karlovac.hr\/struka-i-ti\/wp-json\/wp\/v2\/types\/page"}],"author":[{"embeddable":true,"href":"https:\/\/rck.tehnicka-skola-karlovac.hr\/struka-i-ti\/wp-json\/wp\/v2\/users\/1"}],"replies":[{"embeddable":true,"href":"https:\/\/rck.tehnicka-skola-karlovac.hr\/struka-i-ti\/wp-json\/wp\/v2\/comments?post=12"}],"version-history":[{"count":3,"href":"https:\/\/rck.tehnicka-skola-karlovac.hr\/struka-i-ti\/wp-json\/wp\/v2\/pages\/12\/revisions"}],"predecessor-version":[{"id":919,"href":"https:\/\/rck.tehnicka-skola-karlovac.hr\/struka-i-ti\/wp-json\/wp\/v2\/pages\/12\/revisions\/919"}],"wp:attachment":[{"href":"https:\/\/rck.tehnicka-skola-karlovac.hr\/struka-i-ti\/wp-json\/wp\/v2\/media?parent=12"}],"curies":[{"name":"wp","href":"https:\/\/api.w.org\/{rel}","templated":true}]}}